{"id":866,"date":"2024-11-18T08:34:10","date_gmt":"2024-11-18T11:34:10","guid":{"rendered":"https:\/\/www.archetti.com.br\/pt-BR\/?page_id=866"},"modified":"2025-03-13T22:39:48","modified_gmt":"2025-03-14T01:39:48","slug":"simone-raquel-corazza","status":"publish","type":"page","link":"https:\/\/www.archetti.com.br\/pt-BR\/simone-raquel-corazza\/","title":{"rendered":"Simone Raquel Corazza"},"content":{"rendered":"\t\t<div data-elementor-type=\"wp-page\" data-elementor-id=\"866\" class=\"elementor elementor-866\">\n\t\t\t\t<div class=\"elementor-element elementor-element-7760a27 e-con-full e-flex e-con e-parent\" data-id=\"7760a27\" data-element_type=\"container\" data-e-type=\"container\">\n\t\t<div class=\"elementor-element elementor-element-6660b76 e-con-full e-flex e-con e-child\" data-id=\"6660b76\" data-element_type=\"container\" data-e-type=\"container\">\n\t\t\t\t<div class=\"elementor-element elementor-element-10b537a elementor-widget elementor-widget-heading\" data-id=\"10b537a\" data-element_type=\"widget\" data-e-type=\"widget\" data-widget_type=\"heading.default\">\n\t\t\t\t<div class=\"elementor-widget-container\">\n\t\t\t\t\t<h3 class=\"elementor-heading-title elementor-size-default\">Simone Raquel Corazza<\/h3>\t\t\t\t<\/div>\n\t\t\t\t<\/div>\n\t\t<div class=\"elementor-element elementor-element-edabdd5 e-flex e-con-boxed e-con e-child\" data-id=\"edabdd5\" data-element_type=\"container\" data-e-type=\"container\">\n\t\t\t\t\t<div class=\"e-con-inner\">\n\t\t\t\t<div class=\"elementor-element elementor-element-2a074b3 elementor-widget__width-initial elementor-widget elementor-widget-image-box\" data-id=\"2a074b3\" data-element_type=\"widget\" data-e-type=\"widget\" data-widget_type=\"image-box.default\">\n\t\t\t\t<div class=\"elementor-widget-container\">\n\t\t\t\t\t<div class=\"elementor-image-box-wrapper\"><div class=\"elementor-image-box-content\"><p class=\"elementor-image-box-description\">Sou Simone Raquel Corazza, nasci na d\u00e9cada de 90, casada e tenho um filho maravilhoso chamado Ben. <br \/><br \/>\n\nSou musicista e sempre fui apaixonada por instrumentos musicais, comecei a dar aula\nmuito nova desde os meus 12 anos e na minha mente eu iria me formar em m\u00fasica no ensino\nsuperior. Sempre busquei minha autonomia ent\u00e3o a musica n\u00e3o se mostrando uma carreira\nest\u00e1vel me fez mudar de \u00e1rea e iniciei na odontologia pela autossufici\u00eancia da profiss\u00e3o e a\u00ed veio\na a bela surpresa de me apaixonar pela \u00e1rea . Foi uma paix\u00e3o t\u00e3o grande que antes mesmo de\nme formar comecei meus cursos de aprimoramentos em novas tecnologias e cirurgias\navan\u00e7adas. A especializa\u00e7\u00e3o em implantodontia veio logo e cada vez mais o amor pela cirurgia\naumentava.<br \/><br \/>\n\n\nFiz estagio na hospital do c\u00e2ncer e isso mudou meus olhos, meu foco e minha vida.\nDescobri a import\u00e2ncia de viver cada dia e que as doen\u00e7as da alma s\u00e3o as que sugam nossa\nfelicidade.<br \/><br \/>\n\n\nComo ajudar as pessoas a recuperar o brilho nos olhos? Conheci a HARMONIZA\u00c7AO\nFACIAL e como ela pode ajudar a devolver esse brilho , se olhar no espelho e se reconhecer na\nsua melhor vers\u00e3o.<br \/><br \/>\n\n\nSempre buscando o melhor dos tratamento e me reinventando cada dia ingressei em uma\nnova forma\u00e7\u00e3o na \u00e1rea da cirugia de cabe\u00e7a e pesco\u00e7o - BUCOMAXILO FACIAL .<br \/><br \/>\n\n Sou apaixonada pela vida, por aproveitar cada segundo em fam\u00edlia, amo viajar e conhecer novos\nlugares, novas historias. Sou filha do agro e meus pais me ensinaram desde muito pequena que\ndo suor vinha nosso meio de sobreviver, trabalhava junto a eles e ent\u00e3o consegui me tornar uma\npessoa forte e batalhadora. Nada vem f\u00e1cil, por\u00e9m \u00e9 muito mais gratificante quando se conquista\ncom esfor\u00e7o e determina\u00e7\u00e3o, pois s\u00e3o qualidades que conduzem ao sucesso. <br \/><br \/>\n\n Tive o privil\u00e9gio de conhecer um dos maiores g\u00eanios a frente do seu tempo da odontologia, Dr\nUbiratan, que al\u00e9m de ser um cara incr\u00edvel confiou em mim e me chamou pra fazer parte do seu\ntime e hoje tenho a honra de dizer que fa\u00e7o parte de uma equipe surreal na ARCHETTI\nODONTOLOGIA onde sou respons\u00e1vel pela \u00e1rea de implantodontia, Cirurgia e Harmoniza\u00e7\u00e3o\nFacial. \n<\/p><\/div><\/div>\t\t\t\t<\/div>\n\t\t\t\t<\/div>\n\t\t\t\t\t<\/div>\n\t\t\t\t<\/div>\n\t\t\t\t<\/div>\n\t\t<div class=\"elementor-element elementor-element-0edb7e3 e-con-full e-flex e-con e-child\" data-id=\"0edb7e3\" data-element_type=\"container\" data-e-type=\"container\">\n\t\t\t\t<div class=\"elementor-element elementor-element-798d050 elementor-widget elementor-widget-image\" data-id=\"798d050\" data-element_type=\"widget\" data-e-type=\"widget\" data-widget_type=\"image.default\">\n\t\t\t\t<div class=\"elementor-widget-container\">\n\t\t\t\t\t\t\t\t\t\t\t\t\t\t\t<img fetchpriority=\"high\" decoding=\"async\" width=\"1066\" height=\"1600\" src=\"https:\/\/www.archetti.com.br\/pt-BR\/wp-content\/uploads\/2024\/11\/simone-raquel-interna.jpeg\" class=\"attachment-full size-full wp-image-867\" alt=\"\" srcset=\"https:\/\/www.archetti.com.br\/pt-BR\/wp-content\/uploads\/2024\/11\/simone-raquel-interna.jpeg 1066w, https:\/\/www.archetti.com.br\/pt-BR\/wp-content\/uploads\/2024\/11\/simone-raquel-interna-333x500.jpeg 333w, https:\/\/www.archetti.com.br\/pt-BR\/wp-content\/uploads\/2024\/11\/simone-raquel-interna-800x1200.jpeg 800w, https:\/\/www.archetti.com.br\/pt-BR\/wp-content\/uploads\/2024\/11\/simone-raquel-interna-200x300.jpeg 200w, https:\/\/www.archetti.com.br\/pt-BR\/wp-content\/uploads\/2024\/11\/simone-raquel-interna-768x1153.jpeg 768w, https:\/\/www.archetti.com.br\/pt-BR\/wp-content\/uploads\/2024\/11\/simone-raquel-interna-1023x1536.jpeg 1023w, https:\/\/www.archetti.com.br\/pt-BR\/wp-content\/uploads\/2024\/11\/simone-raquel-interna-50x75.jpeg 50w, https:\/\/www.archetti.com.br\/pt-BR\/wp-content\/uploads\/2024\/11\/simone-raquel-interna-700x1051.jpeg 700w\" sizes=\"(max-width:767px) 700px, (max-width:1066px) 100vw, 1066px\" \/>\t\t\t\t\t\t\t\t\t\t\t\t\t\t\t<\/div>\n\t\t\t\t<\/div>\n\t\t\t\t<\/div>\n\t\t\t\t<\/div>\n\t\t<div class=\"elementor-element elementor-element-db2c0eb e-flex e-con-boxed e-con e-parent\" data-id=\"db2c0eb\" data-element_type=\"container\" data-e-type=\"container\">\n\t\t\t\t\t<div class=\"e-con-inner\">\n\t\t<div class=\"elementor-element elementor-element-99af722 e-con-full e-flex e-con e-child\" data-id=\"99af722\" data-element_type=\"container\" data-e-type=\"container\">\n\t\t\t\t<div class=\"elementor-element elementor-element-0522988 elementor-widget elementor-widget-heading\" data-id=\"0522988\" data-element_type=\"widget\" data-e-type=\"widget\" data-widget_type=\"heading.default\">\n\t\t\t\t<div class=\"elementor-widget-container\">\n\t\t\t\t\t<h2 class=\"elementor-heading-title elementor-size-default\">N\u00c3O ESPERE UMA VIDA! PRIORIZE VOC\u00ca.<span style=\"color: #E23D4D\">D\u00ca O SEU MELHOR SORRISO<\/span><\/h2>\t\t\t\t<\/div>\n\t\t\t\t<\/div>\n\t\t\t\t<div class=\"elementor-element elementor-element-09c8752 elementor-widget elementor-widget-heading\" data-id=\"09c8752\" data-element_type=\"widget\" data-e-type=\"widget\" data-widget_type=\"heading.default\">\n\t\t\t\t<div class=\"elementor-widget-container\">\n\t\t\t\t\t<h5 class=\"elementor-heading-title elementor-size-default\">Nisl habitasse suspendisse pellentesque cursus<\/h5>\t\t\t\t<\/div>\n\t\t\t\t<\/div>\n\t\t\t\t<div class=\"elementor-element elementor-element-b0f0057 elementor-align-left elementor-widget elementor-widget-button\" data-id=\"b0f0057\" data-element_type=\"widget\" data-e-type=\"widget\" data-widget_type=\"button.default\">\n\t\t\t\t<div class=\"elementor-widget-container\">\n\t\t\t\t\t\t\t\t\t<div class=\"elementor-button-wrapper\">\n\t\t\t\t\t<a class=\"elementor-button elementor-button-link elementor-size-sm\" href=\"https:\/\/www.archetti.com.br\/pt-BR\/jornada\/\">\n\t\t\t\t\t\t<span class=\"elementor-button-content-wrapper\">\n\t\t\t\t\t\t\t\t\t<span class=\"elementor-button-text\">JORNADA NOVO SORRISO<\/span>\n\t\t\t\t\t<\/span>\n\t\t\t\t\t<\/a>\n\t\t\t\t<\/div>\n\t\t\t\t\t\t\t\t<\/div>\n\t\t\t\t<\/div>\n\t\t\t\t<\/div>\n\t\t<div class=\"elementor-element elementor-element-7ca82b8 e-con-full e-flex e-con e-child\" data-id=\"7ca82b8\" data-element_type=\"container\" data-e-type=\"container\" data-settings=\"{&quot;background_background&quot;:&quot;classic&quot;}\">\n\t\t\t\t<div class=\"elementor-element elementor-element-7a491f8 elementor-widget elementor-widget-image\" data-id=\"7a491f8\" data-element_type=\"widget\" data-e-type=\"widget\" data-widget_type=\"image.default\">\n\t\t\t\t<div class=\"elementor-widget-container\">\n\t\t\t\t\t\t\t\t\t\t\t\t\t\t\t<img decoding=\"async\" width=\"576\" height=\"497\" src=\"https:\/\/www.archetti.com.br\/pt-BR\/wp-content\/uploads\/2025\/03\/mosaico1.png\" class=\"attachment-large size-large wp-image-1997\" alt=\"\" srcset=\"https:\/\/www.archetti.com.br\/pt-BR\/wp-content\/uploads\/2025\/03\/mosaico1.png 576w, https:\/\/www.archetti.com.br\/pt-BR\/wp-content\/uploads\/2025\/03\/mosaico1-500x431.png 500w, https:\/\/www.archetti.com.br\/pt-BR\/wp-content\/uploads\/2025\/03\/mosaico1-300x259.png 300w, https:\/\/www.archetti.com.br\/pt-BR\/wp-content\/uploads\/2025\/03\/mosaico1-87x75.png 87w\" sizes=\"(max-width:767px) 576px, 576px\" \/>\t\t\t\t\t\t\t\t\t\t\t\t\t\t\t<\/div>\n\t\t\t\t<\/div>\n\t\t\t\t<\/div>\n\t\t\t\t\t<\/div>\n\t\t\t\t<\/div>\n\t\t\t\t<\/div>\n\t\t","protected":false},"excerpt":{"rendered":"<p>Simone Raquel Corazza Sou Simone Raquel Corazza, nasci na d\u00e9cada de 90, casada e tenho um filho maravilhoso chamado Ben. Sou musicista e sempre fui apaixonada<span class=\"excerpt-hellip\"> [\u2026]<\/span><\/p>\n","protected":false},"author":1,"featured_media":0,"parent":0,"menu_order":0,"comment_status":"open","ping_status":"closed","template":"","meta":{"_joinchat":[],"footnotes":""},"class_list":["post-866","page","type-page","status-publish","hentry"],"_links":{"self":[{"href":"https:\/\/www.archetti.com.br\/pt-BR\/wp-json\/wp\/v2\/pages\/866","targetHints":{"allow":["GET"]}}],"collection":[{"href":"https:\/\/www.archetti.com.br\/pt-BR\/wp-json\/wp\/v2\/pages"}],"about":[{"href":"https:\/\/www.archetti.com.br\/pt-BR\/wp-json\/wp\/v2\/types\/page"}],"author":[{"embeddable":true,"href":"https:\/\/www.archetti.com.br\/pt-BR\/wp-json\/wp\/v2\/users\/1"}],"replies":[{"embeddable":true,"href":"https:\/\/www.archetti.com.br\/pt-BR\/wp-json\/wp\/v2\/comments?post=866"}],"version-history":[{"count":28,"href":"https:\/\/www.archetti.com.br\/pt-BR\/wp-json\/wp\/v2\/pages\/866\/revisions"}],"predecessor-version":[{"id":2094,"href":"https:\/\/www.archetti.com.br\/pt-BR\/wp-json\/wp\/v2\/pages\/866\/revisions\/2094"}],"wp:attachment":[{"href":"https:\/\/www.archetti.com.br\/pt-BR\/wp-json\/wp\/v2\/media?parent=866"}],"curies":[{"name":"wp","href":"https:\/\/api.w.org\/{rel}","templated":true}]}}