{"id":793,"date":"2024-11-18T05:56:23","date_gmt":"2024-11-18T08:56:23","guid":{"rendered":"https:\/\/www.archetti.com.br\/pt-BR\/?page_id=793"},"modified":"2025-03-13T22:36:49","modified_gmt":"2025-03-14T01:36:49","slug":"felipe-belmonte-archetti","status":"publish","type":"page","link":"https:\/\/www.archetti.com.br\/pt-BR\/felipe-belmonte-archetti\/","title":{"rendered":"Felipe Belmonte Archetti"},"content":{"rendered":"\t\t<div data-elementor-type=\"wp-page\" data-elementor-id=\"793\" class=\"elementor elementor-793\">\n\t\t\t\t<div class=\"elementor-element elementor-element-7760a27 e-con-full e-flex e-con e-parent\" data-id=\"7760a27\" data-element_type=\"container\" data-e-type=\"container\">\n\t\t<div class=\"elementor-element elementor-element-6660b76 e-con-full e-flex e-con e-child\" data-id=\"6660b76\" data-element_type=\"container\" data-e-type=\"container\">\n\t\t\t\t<div class=\"elementor-element elementor-element-10b537a elementor-widget elementor-widget-heading\" data-id=\"10b537a\" data-element_type=\"widget\" data-e-type=\"widget\" data-widget_type=\"heading.default\">\n\t\t\t\t<div class=\"elementor-widget-container\">\n\t\t\t\t\t<h3 class=\"elementor-heading-title elementor-size-default\">Felipe Belmonte Archetti<\/h3>\t\t\t\t<\/div>\n\t\t\t\t<\/div>\n\t\t<div class=\"elementor-element elementor-element-edabdd5 e-flex e-con-boxed e-con e-child\" data-id=\"edabdd5\" data-element_type=\"container\" data-e-type=\"container\">\n\t\t\t\t\t<div class=\"e-con-inner\">\n\t\t\t\t<div class=\"elementor-element elementor-element-2a074b3 elementor-widget__width-initial elementor-widget elementor-widget-image-box\" data-id=\"2a074b3\" data-element_type=\"widget\" data-e-type=\"widget\" data-widget_type=\"image-box.default\">\n\t\t\t\t<div class=\"elementor-widget-container\">\n\t\t\t\t\t<div class=\"elementor-image-box-wrapper\"><div class=\"elementor-image-box-content\"><p class=\"elementor-image-box-description\">Graduado h\u00e1 14 anos em Odontologia pela Universidade Positivo em Curitiba, logo ap\u00f3s a gradua\u00e7\u00e3o ingressei no Mestrado em Odontologia na Universidade Federal do Paran\u00e1.<br><br> \n\nTrago comigo o conceito de tratar com qualidade o dente de dentro para fora, por isso cursei Especializa\u00e7\u00e3o em Endodontia, \u00e1rea que trata de infec\u00e7\u00f5es e dores de dente e \u00e1rea em que atuo como professor de cursos de gradua\u00e7\u00e3o e p\u00f3s-gradua\u00e7\u00e3o h\u00e1 8 anos.<br><br>\n\nEspecialista em Pr\u00f3tese Dent\u00e1ria pelo ILAPEO em Curitiba \u2013 realizo tratamentos com o objetivo de trazer mais qualidade de vida e est\u00e9tica aos meus pacientes, trabalhando em conjunto com colegas que realizam a parte cir\u00fargica de Implantes, quando necess\u00e1rio.<br><br> \n\nA pr\u00f3tese dent\u00e1ria \u00e9 uma especialidade que exige precis\u00e3o e alto grau de detalhes, sabendo disso, tenho como aliada a Odontologia Digital, que me permite fazer todos os trabalhos de facetas e pr\u00f3teses fixas 100% em nossa cl\u00ednica \u2013 trazendo mais agilidade, precis\u00e3o e controle dos processos.<br><br><br><br><br><br><br><br><br><br><br><br><br><\/p><\/div><\/div>\t\t\t\t<\/div>\n\t\t\t\t<\/div>\n\t\t\t\t\t<\/div>\n\t\t\t\t<\/div>\n\t\t\t\t<\/div>\n\t\t<div class=\"elementor-element elementor-element-0edb7e3 e-con-full e-flex e-con e-child\" data-id=\"0edb7e3\" data-element_type=\"container\" data-e-type=\"container\">\n\t\t\t\t<div class=\"elementor-element elementor-element-798d050 elementor-widget elementor-widget-image\" data-id=\"798d050\" data-element_type=\"widget\" data-e-type=\"widget\" data-widget_type=\"image.default\">\n\t\t\t\t<div class=\"elementor-widget-container\">\n\t\t\t\t\t\t\t\t\t\t\t\t\t\t\t<img fetchpriority=\"high\" decoding=\"async\" width=\"1200\" height=\"1800\" src=\"https:\/\/www.archetti.com.br\/pt-BR\/wp-content\/uploads\/2024\/11\/felipe-archetti-interna.jpg\" class=\"attachment-full size-full wp-image-890\" alt=\"\" srcset=\"https:\/\/www.archetti.com.br\/pt-BR\/wp-content\/uploads\/2024\/11\/felipe-archetti-interna.jpg 1200w, https:\/\/www.archetti.com.br\/pt-BR\/wp-content\/uploads\/2024\/11\/felipe-archetti-interna-333x500.jpg 333w, https:\/\/www.archetti.com.br\/pt-BR\/wp-content\/uploads\/2024\/11\/felipe-archetti-interna-800x1200.jpg 800w, https:\/\/www.archetti.com.br\/pt-BR\/wp-content\/uploads\/2024\/11\/felipe-archetti-interna-200x300.jpg 200w, https:\/\/www.archetti.com.br\/pt-BR\/wp-content\/uploads\/2024\/11\/felipe-archetti-interna-768x1152.jpg 768w, https:\/\/www.archetti.com.br\/pt-BR\/wp-content\/uploads\/2024\/11\/felipe-archetti-interna-1024x1536.jpg 1024w, https:\/\/www.archetti.com.br\/pt-BR\/wp-content\/uploads\/2024\/11\/felipe-archetti-interna-50x75.jpg 50w, https:\/\/www.archetti.com.br\/pt-BR\/wp-content\/uploads\/2024\/11\/felipe-archetti-interna-700x1050.jpg 700w\" sizes=\"(max-width:767px) 700px, (max-width:1200px) 100vw, 1200px\" \/>\t\t\t\t\t\t\t\t\t\t\t\t\t\t\t<\/div>\n\t\t\t\t<\/div>\n\t\t\t\t<\/div>\n\t\t\t\t<\/div>\n\t\t<div class=\"elementor-element elementor-element-db2c0eb e-flex e-con-boxed e-con e-parent\" data-id=\"db2c0eb\" data-element_type=\"container\" data-e-type=\"container\">\n\t\t\t\t\t<div class=\"e-con-inner\">\n\t\t<div class=\"elementor-element elementor-element-99af722 e-con-full e-flex e-con e-child\" data-id=\"99af722\" data-element_type=\"container\" data-e-type=\"container\">\n\t\t\t\t<div class=\"elementor-element elementor-element-0522988 elementor-widget elementor-widget-heading\" data-id=\"0522988\" data-element_type=\"widget\" data-e-type=\"widget\" data-widget_type=\"heading.default\">\n\t\t\t\t<div class=\"elementor-widget-container\">\n\t\t\t\t\t<h2 class=\"elementor-heading-title elementor-size-default\">N\u00c3O ESPERE UMA VIDA! PRIORIZE VOC\u00ca.<span style=\"color: #E23D4D\">D\u00ca O SEU MELHOR SORRISO<\/span><\/h2>\t\t\t\t<\/div>\n\t\t\t\t<\/div>\n\t\t\t\t<div class=\"elementor-element elementor-element-09c8752 elementor-widget elementor-widget-heading\" data-id=\"09c8752\" data-element_type=\"widget\" data-e-type=\"widget\" data-widget_type=\"heading.default\">\n\t\t\t\t<div class=\"elementor-widget-container\">\n\t\t\t\t\t<h5 class=\"elementor-heading-title elementor-size-default\">Nisl habitasse suspendisse pellentesque cursus<\/h5>\t\t\t\t<\/div>\n\t\t\t\t<\/div>\n\t\t\t\t<div class=\"elementor-element elementor-element-b0f0057 elementor-align-left elementor-widget elementor-widget-button\" data-id=\"b0f0057\" data-element_type=\"widget\" data-e-type=\"widget\" data-widget_type=\"button.default\">\n\t\t\t\t<div class=\"elementor-widget-container\">\n\t\t\t\t\t\t\t\t\t<div class=\"elementor-button-wrapper\">\n\t\t\t\t\t<a class=\"elementor-button elementor-button-link elementor-size-sm\" href=\"https:\/\/www.archetti.com.br\/pt-BR\/jornada\/\">\n\t\t\t\t\t\t<span class=\"elementor-button-content-wrapper\">\n\t\t\t\t\t\t\t\t\t<span class=\"elementor-button-text\">JORNADA NOVO SORRISO<\/span>\n\t\t\t\t\t<\/span>\n\t\t\t\t\t<\/a>\n\t\t\t\t<\/div>\n\t\t\t\t\t\t\t\t<\/div>\n\t\t\t\t<\/div>\n\t\t\t\t<\/div>\n\t\t<div class=\"elementor-element elementor-element-7ca82b8 e-con-full e-flex e-con e-child\" data-id=\"7ca82b8\" data-element_type=\"container\" data-e-type=\"container\" data-settings=\"{&quot;background_background&quot;:&quot;classic&quot;}\">\n\t\t\t\t<div class=\"elementor-element elementor-element-f637947 elementor-widget elementor-widget-image\" data-id=\"f637947\" data-element_type=\"widget\" data-e-type=\"widget\" data-widget_type=\"image.default\">\n\t\t\t\t<div class=\"elementor-widget-container\">\n\t\t\t\t\t\t\t\t\t\t\t\t\t\t\t<img decoding=\"async\" width=\"576\" height=\"497\" src=\"https:\/\/www.archetti.com.br\/pt-BR\/wp-content\/uploads\/2025\/03\/mosaico1.png\" class=\"attachment-large size-large wp-image-1997\" alt=\"\" srcset=\"https:\/\/www.archetti.com.br\/pt-BR\/wp-content\/uploads\/2025\/03\/mosaico1.png 576w, https:\/\/www.archetti.com.br\/pt-BR\/wp-content\/uploads\/2025\/03\/mosaico1-500x431.png 500w, https:\/\/www.archetti.com.br\/pt-BR\/wp-content\/uploads\/2025\/03\/mosaico1-300x259.png 300w, https:\/\/www.archetti.com.br\/pt-BR\/wp-content\/uploads\/2025\/03\/mosaico1-87x75.png 87w\" sizes=\"(max-width:767px) 576px, 576px\" \/>\t\t\t\t\t\t\t\t\t\t\t\t\t\t\t<\/div>\n\t\t\t\t<\/div>\n\t\t\t\t<\/div>\n\t\t\t\t\t<\/div>\n\t\t\t\t<\/div>\n\t\t\t\t<\/div>\n\t\t","protected":false},"excerpt":{"rendered":"<p>Felipe Belmonte Archetti Graduado h\u00e1 14 anos em Odontologia pela Universidade Positivo em Curitiba, logo ap\u00f3s a gradua\u00e7\u00e3o ingressei no Mestrado em Odontologia na Universidade Federal<span class=\"excerpt-hellip\"> [\u2026]<\/span><\/p>\n","protected":false},"author":1,"featured_media":0,"parent":0,"menu_order":0,"comment_status":"open","ping_status":"closed","template":"","meta":{"_joinchat":[],"footnotes":""},"class_list":["post-793","page","type-page","status-publish","hentry"],"_links":{"self":[{"href":"https:\/\/www.archetti.com.br\/pt-BR\/wp-json\/wp\/v2\/pages\/793","targetHints":{"allow":["GET"]}}],"collection":[{"href":"https:\/\/www.archetti.com.br\/pt-BR\/wp-json\/wp\/v2\/pages"}],"about":[{"href":"https:\/\/www.archetti.com.br\/pt-BR\/wp-json\/wp\/v2\/types\/page"}],"author":[{"embeddable":true,"href":"https:\/\/www.archetti.com.br\/pt-BR\/wp-json\/wp\/v2\/users\/1"}],"replies":[{"embeddable":true,"href":"https:\/\/www.archetti.com.br\/pt-BR\/wp-json\/wp\/v2\/comments?post=793"}],"version-history":[{"count":31,"href":"https:\/\/www.archetti.com.br\/pt-BR\/wp-json\/wp\/v2\/pages\/793\/revisions"}],"predecessor-version":[{"id":2064,"href":"https:\/\/www.archetti.com.br\/pt-BR\/wp-json\/wp\/v2\/pages\/793\/revisions\/2064"}],"wp:attachment":[{"href":"https:\/\/www.archetti.com.br\/pt-BR\/wp-json\/wp\/v2\/media?parent=793"}],"curies":[{"name":"wp","href":"https:\/\/api.w.org\/{rel}","templated":true}]}}