{"id":742,"date":"2024-11-18T05:29:47","date_gmt":"2024-11-18T08:29:47","guid":{"rendered":"https:\/\/www.archetti.com.br\/pt-BR\/?page_id=742"},"modified":"2025-03-13T22:41:14","modified_gmt":"2025-03-14T01:41:14","slug":"ubiratan-cezar-archetti","status":"publish","type":"page","link":"https:\/\/www.archetti.com.br\/pt-BR\/ubiratan-cezar-archetti\/","title":{"rendered":"Ubiratan Cezar Archetti"},"content":{"rendered":"\t\t<div data-elementor-type=\"wp-page\" data-elementor-id=\"742\" class=\"elementor elementor-742\">\n\t\t\t\t<div class=\"elementor-element elementor-element-7760a27 e-con-full e-flex e-con e-parent\" data-id=\"7760a27\" data-element_type=\"container\" data-e-type=\"container\">\n\t\t<div class=\"elementor-element elementor-element-6660b76 e-con-full e-flex e-con e-child\" data-id=\"6660b76\" data-element_type=\"container\" data-e-type=\"container\">\n\t\t\t\t<div class=\"elementor-element elementor-element-10b537a elementor-widget elementor-widget-heading\" data-id=\"10b537a\" data-element_type=\"widget\" data-e-type=\"widget\" data-widget_type=\"heading.default\">\n\t\t\t\t<div class=\"elementor-widget-container\">\n\t\t\t\t\t<h3 class=\"elementor-heading-title elementor-size-default\">Ubiratan Cezar Archetti<\/h3>\t\t\t\t<\/div>\n\t\t\t\t<\/div>\n\t\t<div class=\"elementor-element elementor-element-edabdd5 e-flex e-con-boxed e-con e-child\" data-id=\"edabdd5\" data-element_type=\"container\" data-e-type=\"container\">\n\t\t\t\t\t<div class=\"e-con-inner\">\n\t\t\t\t<div class=\"elementor-element elementor-element-2a074b3 elementor-widget__width-initial elementor-widget elementor-widget-image-box\" data-id=\"2a074b3\" data-element_type=\"widget\" data-e-type=\"widget\" data-widget_type=\"image-box.default\">\n\t\t\t\t<div class=\"elementor-widget-container\">\n\t\t\t\t\t<div class=\"elementor-image-box-wrapper\"><div class=\"elementor-image-box-content\"><p class=\"elementor-image-box-description\">Casado h\u00e1 37 anos, tenho 4 filhos e dois netos. Fam\u00edlia, P\u00e1tria e Deus s\u00e3o meus princ\u00edpios basilares. O Cristianismo minha b\u00fassola.<br \/><br \/>\n\nAo longo de mais de 40 anos, tenho o privil\u00e9gio de viver a ci\u00eancia da odontologia.<br \/><br \/>\n\nEspecialista em Periodontia pela USP de Baur\u00fa-SP, especialista em DCM pelo CFO, um dos 50 primeiros dentistas do Brasil capacitados no sistema  chairside - Pr\u00f3tese 100% digital na pr\u00f3pria cl\u00ednica -, certificado em Bensheim, na Alemanha desde de 2012.<br \/><br \/>\n\nEntremeio a essa jornada, cultivo consci\u00eancia corporal, corrida e amo pedalar pelas estradas do interior da regi\u00e3o onde resido - principalmente nas belas manh\u00e3s de inverno e ao p\u00f4r do sol do outono -, claro, acompanhado de minha maior incentivadora, Carla, minha esposa.<br \/><br \/>\n\nDiretor da Archetti Odontologia, uma cl\u00ednica que me d\u00e1 orgulho pelos conceitos de humaniza\u00e7\u00e3o, tecnologia e resultados surpreendentes.  Temos fundamentados em nossos alicerces a qualidade nos detalhes, o alto grau de especialidade, uma equipe que equilibra responsabilidade e afetividade em cada movimento e uma agilidade incompar\u00e1vel na entrega. <br \/><br \/>\n\nHoje, al\u00e9m de minhas \u00e1reas citadas,  meus colegas de trabalho s\u00e3o especialistas em Pr\u00f3tese Dental, Harmoniza\u00e7\u00e3o Orofacial, Endodontia, Implantodontia, Bucomaxilofacial* (especializando*). <br \/><br \/>\n\nDivido as alegrias da odontologia, entre o conv\u00edvio dos amigos e da fam\u00edlia. Confesso, no entanto, que o estudo e viv\u00eancia da espiritualidade e da mente humana completam a minha paix\u00e3o pela vida.<br \/><br \/>\n\nCompromisso firmado:  - Fazer o nosso melhor!<br \/><br \/>\n\n\u00c9 assim que queremos receb\u00ea-lo! <br \/><br \/>\n\nCom a alegria da autenticidade, com a responsabilidade da tradi\u00e7\u00e3o desses mais de 40 anos e, com a seriedade e ci\u00eancia voltados a reabilita\u00e7\u00e3o oral e a est\u00e9tica dental. <\/p><\/div><\/div>\t\t\t\t<\/div>\n\t\t\t\t<\/div>\n\t\t\t\t\t<\/div>\n\t\t\t\t<\/div>\n\t\t\t\t<\/div>\n\t\t<div class=\"elementor-element elementor-element-0edb7e3 e-con-full e-flex e-con e-child\" data-id=\"0edb7e3\" data-element_type=\"container\" data-e-type=\"container\">\n\t\t\t\t<div class=\"elementor-element elementor-element-798d050 elementor-widget elementor-widget-image\" data-id=\"798d050\" data-element_type=\"widget\" data-e-type=\"widget\" data-widget_type=\"image.default\">\n\t\t\t\t<div class=\"elementor-widget-container\">\n\t\t\t\t\t\t\t\t\t\t\t\t\t\t\t<img fetchpriority=\"high\" decoding=\"async\" width=\"1200\" height=\"1800\" src=\"https:\/\/www.archetti.com.br\/pt-BR\/wp-content\/uploads\/2024\/11\/Ubiratan-Cezar-Archetti3.png\" class=\"attachment-full size-full wp-image-853\" alt=\"\" srcset=\"https:\/\/www.archetti.com.br\/pt-BR\/wp-content\/uploads\/2024\/11\/Ubiratan-Cezar-Archetti3.png 1200w, https:\/\/www.archetti.com.br\/pt-BR\/wp-content\/uploads\/2024\/11\/Ubiratan-Cezar-Archetti3-333x500.png 333w, https:\/\/www.archetti.com.br\/pt-BR\/wp-content\/uploads\/2024\/11\/Ubiratan-Cezar-Archetti3-800x1200.png 800w, https:\/\/www.archetti.com.br\/pt-BR\/wp-content\/uploads\/2024\/11\/Ubiratan-Cezar-Archetti3-200x300.png 200w, https:\/\/www.archetti.com.br\/pt-BR\/wp-content\/uploads\/2024\/11\/Ubiratan-Cezar-Archetti3-768x1152.png 768w, https:\/\/www.archetti.com.br\/pt-BR\/wp-content\/uploads\/2024\/11\/Ubiratan-Cezar-Archetti3-1024x1536.png 1024w, https:\/\/www.archetti.com.br\/pt-BR\/wp-content\/uploads\/2024\/11\/Ubiratan-Cezar-Archetti3-50x75.png 50w, https:\/\/www.archetti.com.br\/pt-BR\/wp-content\/uploads\/2024\/11\/Ubiratan-Cezar-Archetti3-700x1050.png 700w\" sizes=\"(max-width:767px) 700px, (max-width:1200px) 100vw, 1200px\" \/>\t\t\t\t\t\t\t\t\t\t\t\t\t\t\t<\/div>\n\t\t\t\t<\/div>\n\t\t\t\t<\/div>\n\t\t\t\t<\/div>\n\t\t<div class=\"elementor-element elementor-element-db2c0eb e-flex e-con-boxed e-con e-parent\" data-id=\"db2c0eb\" data-element_type=\"container\" data-e-type=\"container\">\n\t\t\t\t\t<div class=\"e-con-inner\">\n\t\t<div class=\"elementor-element elementor-element-99af722 e-con-full e-flex e-con e-child\" data-id=\"99af722\" data-element_type=\"container\" data-e-type=\"container\">\n\t\t\t\t<div class=\"elementor-element elementor-element-0522988 elementor-widget elementor-widget-heading\" data-id=\"0522988\" data-element_type=\"widget\" data-e-type=\"widget\" data-widget_type=\"heading.default\">\n\t\t\t\t<div class=\"elementor-widget-container\">\n\t\t\t\t\t<h2 class=\"elementor-heading-title elementor-size-default\">N\u00c3O ESPERE UMA VIDA! PRIORIZE VOC\u00ca.<span style=\"color: #E23D4D\">D\u00ca O SEU MELHOR SORRISO<\/span><\/h2>\t\t\t\t<\/div>\n\t\t\t\t<\/div>\n\t\t\t\t<div class=\"elementor-element elementor-element-09c8752 elementor-widget elementor-widget-heading\" data-id=\"09c8752\" data-element_type=\"widget\" data-e-type=\"widget\" data-widget_type=\"heading.default\">\n\t\t\t\t<div class=\"elementor-widget-container\">\n\t\t\t\t\t<h5 class=\"elementor-heading-title elementor-size-default\">Nisl habitasse suspendisse pellentesque cursus<\/h5>\t\t\t\t<\/div>\n\t\t\t\t<\/div>\n\t\t\t\t<div class=\"elementor-element elementor-element-b0f0057 elementor-align-left elementor-widget elementor-widget-button\" data-id=\"b0f0057\" data-element_type=\"widget\" data-e-type=\"widget\" data-widget_type=\"button.default\">\n\t\t\t\t<div class=\"elementor-widget-container\">\n\t\t\t\t\t\t\t\t\t<div class=\"elementor-button-wrapper\">\n\t\t\t\t\t<a class=\"elementor-button elementor-button-link elementor-size-sm\" href=\"https:\/\/www.archetti.com.br\/pt-BR\/jornada\/\">\n\t\t\t\t\t\t<span class=\"elementor-button-content-wrapper\">\n\t\t\t\t\t\t\t\t\t<span class=\"elementor-button-text\">JORNADA NOVO SORRISO<\/span>\n\t\t\t\t\t<\/span>\n\t\t\t\t\t<\/a>\n\t\t\t\t<\/div>\n\t\t\t\t\t\t\t\t<\/div>\n\t\t\t\t<\/div>\n\t\t\t\t<\/div>\n\t\t<div class=\"elementor-element elementor-element-7ca82b8 e-con-full e-flex e-con e-child\" data-id=\"7ca82b8\" data-element_type=\"container\" data-e-type=\"container\" data-settings=\"{&quot;background_background&quot;:&quot;classic&quot;}\">\n\t\t\t\t<div class=\"elementor-element elementor-element-e4dd2a2 elementor-widget elementor-widget-image\" data-id=\"e4dd2a2\" data-element_type=\"widget\" data-e-type=\"widget\" data-widget_type=\"image.default\">\n\t\t\t\t<div class=\"elementor-widget-container\">\n\t\t\t\t\t\t\t\t\t\t\t\t\t\t\t<img decoding=\"async\" width=\"576\" height=\"497\" src=\"https:\/\/www.archetti.com.br\/pt-BR\/wp-content\/uploads\/2025\/03\/mosaico1.png\" class=\"attachment-large size-large wp-image-1997\" alt=\"\" srcset=\"https:\/\/www.archetti.com.br\/pt-BR\/wp-content\/uploads\/2025\/03\/mosaico1.png 576w, https:\/\/www.archetti.com.br\/pt-BR\/wp-content\/uploads\/2025\/03\/mosaico1-500x431.png 500w, https:\/\/www.archetti.com.br\/pt-BR\/wp-content\/uploads\/2025\/03\/mosaico1-300x259.png 300w, https:\/\/www.archetti.com.br\/pt-BR\/wp-content\/uploads\/2025\/03\/mosaico1-87x75.png 87w\" sizes=\"(max-width:767px) 576px, 576px\" \/>\t\t\t\t\t\t\t\t\t\t\t\t\t\t\t<\/div>\n\t\t\t\t<\/div>\n\t\t\t\t<\/div>\n\t\t\t\t\t<\/div>\n\t\t\t\t<\/div>\n\t\t\t\t<\/div>\n\t\t","protected":false},"excerpt":{"rendered":"<p>Ubiratan Cezar Archetti Casado h\u00e1 37 anos, tenho 4 filhos e dois netos. Fam\u00edlia, P\u00e1tria e Deus s\u00e3o meus princ\u00edpios basilares. O Cristianismo minha b\u00fassola. Ao<span class=\"excerpt-hellip\"> [\u2026]<\/span><\/p>\n","protected":false},"author":1,"featured_media":0,"parent":0,"menu_order":0,"comment_status":"open","ping_status":"closed","template":"","meta":{"_joinchat":[],"footnotes":""},"class_list":["post-742","page","type-page","status-publish","hentry"],"_links":{"self":[{"href":"https:\/\/www.archetti.com.br\/pt-BR\/wp-json\/wp\/v2\/pages\/742","targetHints":{"allow":["GET"]}}],"collection":[{"href":"https:\/\/www.archetti.com.br\/pt-BR\/wp-json\/wp\/v2\/pages"}],"about":[{"href":"https:\/\/www.archetti.com.br\/pt-BR\/wp-json\/wp\/v2\/types\/page"}],"author":[{"embeddable":true,"href":"https:\/\/www.archetti.com.br\/pt-BR\/wp-json\/wp\/v2\/users\/1"}],"replies":[{"embeddable":true,"href":"https:\/\/www.archetti.com.br\/pt-BR\/wp-json\/wp\/v2\/comments?post=742"}],"version-history":[{"count":103,"href":"https:\/\/www.archetti.com.br\/pt-BR\/wp-json\/wp\/v2\/pages\/742\/revisions"}],"predecessor-version":[{"id":2103,"href":"https:\/\/www.archetti.com.br\/pt-BR\/wp-json\/wp\/v2\/pages\/742\/revisions\/2103"}],"wp:attachment":[{"href":"https:\/\/www.archetti.com.br\/pt-BR\/wp-json\/wp\/v2\/media?parent=742"}],"curies":[{"name":"wp","href":"https:\/\/api.w.org\/{rel}","templated":true}]}}