{"id":2467,"date":"2025-03-16T16:00:45","date_gmt":"2025-03-16T19:00:45","guid":{"rendered":"https:\/\/www.archetti.com.br\/pt-BR\/?page_id=2467"},"modified":"2026-04-14T10:47:40","modified_gmt":"2026-04-14T13:47:40","slug":"nossa-equipe","status":"publish","type":"page","link":"https:\/\/www.archetti.com.br\/pt-BR\/nossa-equipe\/","title":{"rendered":"Nossa Equipe"},"content":{"rendered":"\t\t<div data-elementor-type=\"wp-page\" data-elementor-id=\"2467\" class=\"elementor elementor-2467\">\n\t\t\t\t<div class=\"elementor-element elementor-element-239d71d e-flex e-con-boxed e-con e-parent\" data-id=\"239d71d\" data-element_type=\"container\" data-e-type=\"container\" data-settings=\"{&quot;background_background&quot;:&quot;classic&quot;}\">\n\t\t\t\t\t<div class=\"e-con-inner\">\n\t\t<div class=\"elementor-element elementor-element-4cde3f3 e-con-full e-flex e-con e-child\" data-id=\"4cde3f3\" data-element_type=\"container\" data-e-type=\"container\">\n\t\t\t\t<div class=\"elementor-element elementor-element-ae4d6b8 elementor-widget elementor-widget-heading\" data-id=\"ae4d6b8\" data-element_type=\"widget\" data-e-type=\"widget\" data-widget_type=\"heading.default\">\n\t\t\t\t<div class=\"elementor-widget-container\">\n\t\t\t\t\t<h2 class=\"elementor-heading-title elementor-size-default\"><span style=\"color: #e23d4d\">Nossa Equipe<\/span><\/h2>\t\t\t\t<\/div>\n\t\t\t\t<\/div>\n\t\t\t\t<\/div>\n\t\t\t\t\t<\/div>\n\t\t\t\t<\/div>\n\t\t<div class=\"elementor-element elementor-element-e2db727 e-flex e-con-boxed e-con e-parent\" data-id=\"e2db727\" data-element_type=\"container\" data-e-type=\"container\" data-settings=\"{&quot;background_background&quot;:&quot;classic&quot;}\">\n\t\t\t\t\t<div class=\"e-con-inner\">\n\t\t<div class=\"elementor-element elementor-element-068158f e-con-full e-flex e-con e-child\" data-id=\"068158f\" data-element_type=\"container\" data-e-type=\"container\">\n\t\t\t\t<div class=\"elementor-element elementor-element-00ad8d5 elementor-widget elementor-widget-image\" data-id=\"00ad8d5\" data-element_type=\"widget\" data-e-type=\"widget\" data-widget_type=\"image.default\">\n\t\t\t\t<div class=\"elementor-widget-container\">\n\t\t\t\t\t\t\t\t\t\t\t\t\t\t\t\t<a href=\"https:\/\/www.archetti.com.br\/pt-BR\/ubiratan-cezar-archetti\/\">\n\t\t\t\t\t\t\t<img fetchpriority=\"high\" decoding=\"async\" width=\"300\" height=\"300\" src=\"https:\/\/www.archetti.com.br\/pt-BR\/wp-content\/uploads\/2025\/03\/Ubiratan-png-300x300.png\" class=\"attachment-thumbnail size-thumbnail wp-image-2166\" alt=\"\" srcset=\"https:\/\/www.archetti.com.br\/pt-BR\/wp-content\/uploads\/2025\/03\/Ubiratan-png-300x300.png 300w, https:\/\/www.archetti.com.br\/pt-BR\/wp-content\/uploads\/2025\/03\/Ubiratan-png-150x150.png 150w, https:\/\/www.archetti.com.br\/pt-BR\/wp-content\/uploads\/2025\/03\/Ubiratan-png-75x75.png 75w, https:\/\/www.archetti.com.br\/pt-BR\/wp-content\/uploads\/2025\/03\/Ubiratan-png.png 500w\" sizes=\"(max-width:767px) 300px, 300px\" \/>\t\t\t\t\t\t\t\t<\/a>\n\t\t\t\t\t\t\t\t\t\t\t\t\t\t\t<\/div>\n\t\t\t\t<\/div>\n\t\t\t\t<\/div>\n\t\t<div class=\"elementor-element elementor-element-99cadae e-con-full e-flex e-con e-child\" data-id=\"99cadae\" data-element_type=\"container\" data-e-type=\"container\">\n\t\t<div class=\"elementor-element elementor-element-3f6bff5 e-con-full e-flex e-con e-child\" data-id=\"3f6bff5\" data-element_type=\"container\" data-e-type=\"container\">\n\t\t\t\t<div class=\"elementor-element elementor-element-022e530 elementor-widget elementor-widget-heading\" data-id=\"022e530\" data-element_type=\"widget\" data-e-type=\"widget\" data-widget_type=\"heading.default\">\n\t\t\t\t<div class=\"elementor-widget-container\">\n\t\t\t\t\t<h4 class=\"elementor-heading-title elementor-size-default\"><a href=\"https:\/\/www.archetti.com.br\/pt-BR\/ubiratan-cezar-archetti\/\"><span style=\"color: #E23D4D\">Dr.<\/span> Ubiratan Archetti<\/a><\/h4>\t\t\t\t<\/div>\n\t\t\t\t<\/div>\n\t\t\t\t<div class=\"elementor-element elementor-element-442e2bf elementor-widget__width-initial elementor-widget elementor-widget-text-editor\" data-id=\"442e2bf\" data-element_type=\"widget\" data-e-type=\"widget\" data-widget_type=\"text-editor.default\">\n\t\t\t\t<div class=\"elementor-widget-container\">\n\t\t\t\t\t\t\t\t\t<ul><li>Formado pela Universidade Estadual de Ponta Grossa &#8211; PR em 1979<\/li><li>Aperfei\u00e7oamento em pr\u00f3tese com Dr Valdir Janson e Euloir Pasanesi em 1982 Bauru &#8211; SP<\/li><li>P\u00f3s gradua\u00e7\u00e3o em Periodontia (cirurgia gengival) pela USP- Bauru SP em 1985<\/li><li>P\u00f3s gradua\u00e7\u00e3o em Disfun\u00e7\u00e3o Cr\u00e2nio Mandibular (DCM &#8211; ATM) pelo CRO-BR 1991<\/li><li>Aperfei\u00e7oamento e auxiliar em doc\u00eancia em Pr\u00f3tese na UEL &#8211; Londrina PR 1990 a 1994<\/li><li>Professor e Mentor em gest\u00e3o de consult\u00f3rio odontol\u00f3gico (\u00e0 partir de 2003)<\/li><li>Cursos de Dentistica e pr\u00f3tese est\u00e9tica em cer\u00e2mica livre de metal em 2005 &#8211; NEO Curitiba PR com os professores Hirata, Kina e Scopin<\/li><li>4 cursos com o Dr Paulo Kano de 2006 a 2020 incluindo &#8211; CLONNES &#8211; Fluxo Digital<\/li><li>Pioneiro no Brasil em Pr\u00f3tese Digital<\/li><li>Diretor da Archetti Odontologia\u00a0a\u00a035\u00a0anos<\/li><\/ul>\t\t\t\t\t\t\t\t<\/div>\n\t\t\t\t<\/div>\n\t\t\t\t<\/div>\n\t\t<div class=\"elementor-element elementor-element-1bd926e e-con-full elementor-hidden-mobile e-flex e-con e-child\" data-id=\"1bd926e\" data-element_type=\"container\" data-e-type=\"container\">\n\t\t\t\t<\/div>\n\t\t\t\t<\/div>\n\t\t\t\t\t<\/div>\n\t\t\t\t<\/div>\n\t\t<div class=\"elementor-element elementor-element-39bab0c e-flex e-con-boxed e-con e-parent\" data-id=\"39bab0c\" data-element_type=\"container\" data-e-type=\"container\" data-settings=\"{&quot;background_background&quot;:&quot;classic&quot;}\">\n\t\t\t\t\t<div class=\"e-con-inner\">\n\t\t<div class=\"elementor-element elementor-element-8719b52 e-con-full e-flex e-con e-child\" data-id=\"8719b52\" data-element_type=\"container\" data-e-type=\"container\">\n\t\t\t\t<div class=\"elementor-element elementor-element-5a1db9c elementor-widget elementor-widget-image\" data-id=\"5a1db9c\" data-element_type=\"widget\" data-e-type=\"widget\" data-widget_type=\"image.default\">\n\t\t\t\t<div class=\"elementor-widget-container\">\n\t\t\t\t\t\t\t\t\t\t\t\t\t\t\t\t<a href=\"https:\/\/www.archetti.com.br\/pt-BR\/simone-cristine-archetti-pucci\/\">\n\t\t\t\t\t\t\t<img decoding=\"async\" width=\"300\" height=\"300\" src=\"https:\/\/www.archetti.com.br\/pt-BR\/wp-content\/uploads\/2025\/03\/Simone_Archetti-png-300x300.png\" class=\"attachment-thumbnail size-thumbnail wp-image-2163\" alt=\"\" srcset=\"https:\/\/www.archetti.com.br\/pt-BR\/wp-content\/uploads\/2025\/03\/Simone_Archetti-png-300x300.png 300w, https:\/\/www.archetti.com.br\/pt-BR\/wp-content\/uploads\/2025\/03\/Simone_Archetti-png-150x150.png 150w, https:\/\/www.archetti.com.br\/pt-BR\/wp-content\/uploads\/2025\/03\/Simone_Archetti-png-75x75.png 75w, https:\/\/www.archetti.com.br\/pt-BR\/wp-content\/uploads\/2025\/03\/Simone_Archetti-png.png 500w\" sizes=\"(max-width:767px) 300px, 300px\" \/>\t\t\t\t\t\t\t\t<\/a>\n\t\t\t\t\t\t\t\t\t\t\t\t\t\t\t<\/div>\n\t\t\t\t<\/div>\n\t\t\t\t<\/div>\n\t\t<div class=\"elementor-element elementor-element-d0d2481 e-con-full e-flex e-con e-child\" data-id=\"d0d2481\" data-element_type=\"container\" data-e-type=\"container\">\n\t\t<div class=\"elementor-element elementor-element-f6f3d4f e-con-full e-flex e-con e-child\" data-id=\"f6f3d4f\" data-element_type=\"container\" data-e-type=\"container\">\n\t\t\t\t<div class=\"elementor-element elementor-element-50d64ce elementor-widget elementor-widget-heading\" data-id=\"50d64ce\" data-element_type=\"widget\" data-e-type=\"widget\" data-widget_type=\"heading.default\">\n\t\t\t\t<div class=\"elementor-widget-container\">\n\t\t\t\t\t<h4 class=\"elementor-heading-title elementor-size-default\"><a href=\"https:\/\/www.archetti.com.br\/pt-BR\/simone-cristine-archetti-pucci\/\"><span style=\"color: #E23D4D\">Dra.<\/span> Simone Archetti<\/a><\/h4>\t\t\t\t<\/div>\n\t\t\t\t<\/div>\n\t\t\t\t<div class=\"elementor-element elementor-element-24b0e50 elementor-widget elementor-widget-text-editor\" data-id=\"24b0e50\" data-element_type=\"widget\" data-e-type=\"widget\" data-widget_type=\"text-editor.default\">\n\t\t\t\t<div class=\"elementor-widget-container\">\n\t\t\t\t\t\t\t\t\t<ul><li>Formada h\u00e1 21 anos em Curitiba\/PR<\/li><li>Aperfei\u00e7oamento em endodontia pela ABO Curitiba\/PR<\/li><li>Aperfei\u00e7oamento em Pr\u00f3tese Fixa pela ABO S\u00e3o Jos\u00e9 dos Pinhais\/PR<\/li><li>Curso de est\u00e9tica avan\u00e7ada KSH &#8211; Kina, Scopin e Ronaldo Hirata &#8211; ILAPEO Curitiba\/PR<\/li><li>Intensivo em Resinas Compostas &#8211; Dr Ronaldo Hirata &#8211; ILAPEO Curitiba\/PR<\/li><li>Curso de Gest\u00e3o em Odontologia &#8211; M\u00e9todo IGH Dr Ubiratan C Archetti Pato Branco \/PR<\/li><li>Curso Cllones Intensivo Paulo Kano Esucation Center &#8211; S\u00e3o Paulo\/SP<\/li><li>Especializa\u00e7\u00e3o em Pr\u00f3tese Dent\u00e1ria ILAPEO Curitiba\/PR<\/li><li>Curso Cl\u00ednico em Facetas Laminadas &#8211; Odontologia Est\u00e9tica 3D, e cirurgia Gengival Flapless &#8211; M\u00e9todo Cllones Paulo Kano Education Center &#8211; S\u00e3o Paulo\/SP<\/li><\/ul>\t\t\t\t\t\t\t\t<\/div>\n\t\t\t\t<\/div>\n\t\t\t\t<\/div>\n\t\t<div class=\"elementor-element elementor-element-03f3d6e e-con-full elementor-hidden-mobile e-flex e-con e-child\" data-id=\"03f3d6e\" data-element_type=\"container\" data-e-type=\"container\">\n\t\t\t\t<\/div>\n\t\t\t\t<\/div>\n\t\t\t\t\t<\/div>\n\t\t\t\t<\/div>\n\t\t<div class=\"elementor-element elementor-element-faf8452 e-flex e-con-boxed e-con e-parent\" data-id=\"faf8452\" data-element_type=\"container\" data-e-type=\"container\" data-settings=\"{&quot;background_background&quot;:&quot;classic&quot;}\">\n\t\t\t\t\t<div class=\"e-con-inner\">\n\t\t<div class=\"elementor-element elementor-element-3c68205 e-con-full e-flex e-con e-child\" data-id=\"3c68205\" data-element_type=\"container\" data-e-type=\"container\">\n\t\t\t\t<div class=\"elementor-element elementor-element-bd0a5cf elementor-widget elementor-widget-image\" data-id=\"bd0a5cf\" data-element_type=\"widget\" data-e-type=\"widget\" data-widget_type=\"image.default\">\n\t\t\t\t<div class=\"elementor-widget-container\">\n\t\t\t\t\t\t\t\t\t\t\t\t\t\t\t\t<a href=\"https:\/\/www.archetti.com.br\/pt-BR\/felipe-belmonte-archetti\/\">\n\t\t\t\t\t\t\t<img decoding=\"async\" width=\"300\" height=\"300\" src=\"https:\/\/www.archetti.com.br\/pt-BR\/wp-content\/uploads\/2025\/03\/Felipe_Archetti-png-300x300.png\" class=\"attachment-thumbnail size-thumbnail wp-image-2160\" alt=\"\" srcset=\"https:\/\/www.archetti.com.br\/pt-BR\/wp-content\/uploads\/2025\/03\/Felipe_Archetti-png-300x300.png 300w, https:\/\/www.archetti.com.br\/pt-BR\/wp-content\/uploads\/2025\/03\/Felipe_Archetti-png-150x150.png 150w, https:\/\/www.archetti.com.br\/pt-BR\/wp-content\/uploads\/2025\/03\/Felipe_Archetti-png-75x75.png 75w, https:\/\/www.archetti.com.br\/pt-BR\/wp-content\/uploads\/2025\/03\/Felipe_Archetti-png.png 500w\" sizes=\"(max-width:767px) 300px, 300px\" \/>\t\t\t\t\t\t\t\t<\/a>\n\t\t\t\t\t\t\t\t\t\t\t\t\t\t\t<\/div>\n\t\t\t\t<\/div>\n\t\t\t\t<\/div>\n\t\t<div class=\"elementor-element elementor-element-a52cd24 e-con-full e-flex e-con e-child\" data-id=\"a52cd24\" data-element_type=\"container\" data-e-type=\"container\">\n\t\t<div class=\"elementor-element elementor-element-93250d1 e-con-full e-flex e-con e-child\" data-id=\"93250d1\" data-element_type=\"container\" data-e-type=\"container\">\n\t\t\t\t<div class=\"elementor-element elementor-element-fe751b9 elementor-widget elementor-widget-heading\" data-id=\"fe751b9\" data-element_type=\"widget\" data-e-type=\"widget\" data-widget_type=\"heading.default\">\n\t\t\t\t<div class=\"elementor-widget-container\">\n\t\t\t\t\t<h4 class=\"elementor-heading-title elementor-size-default\"><a href=\"https:\/\/www.archetti.com.br\/pt-BR\/felipe-belmonte-archetti\/\"><span style=\"color: #E23D4D\">Dr.<\/span> Felipe Archetti<\/a><\/h4>\t\t\t\t<\/div>\n\t\t\t\t<\/div>\n\t\t\t\t<div class=\"elementor-element elementor-element-cc6d974 elementor-widget elementor-widget-text-editor\" data-id=\"cc6d974\" data-element_type=\"widget\" data-e-type=\"widget\" data-widget_type=\"text-editor.default\">\n\t\t\t\t<div class=\"elementor-widget-container\">\n\t\t\t\t\t\t\t\t\t<ul>\n \t<li>Graduado em Odontologia pela Universidade Positivo<\/li>\n \t<li>Especialista em Endodontia pelo Centro de Microscopia Odontol\u00f3gica<\/li>\n \t<li>Especialista em Pr\u00f3tese Dent\u00e1ria pelo ILAPEO<\/li>\n \t<li>Mestre em Odontologia pela Universidade Federal do Paran\u00e1. (UFPR)<\/li>\n \t<li>Atualiza\u00e7\u00f5es em Est\u00e9tica Avan\u00e7ada em cer\u00e2mica pelo Instituto Paulo Kano em S\u00e3o Paulo<\/li>\n \t<li>Professor de Cursos de Gradua\u00e7\u00e3o e P\u00f3s Gradua\u00e7\u00e3o h\u00e1 8 anos<\/li>\n<\/ul>\t\t\t\t\t\t\t\t<\/div>\n\t\t\t\t<\/div>\n\t\t\t\t<\/div>\n\t\t<div class=\"elementor-element elementor-element-541eb4c e-con-full elementor-hidden-mobile e-flex e-con e-child\" data-id=\"541eb4c\" data-element_type=\"container\" data-e-type=\"container\">\n\t\t\t\t<\/div>\n\t\t\t\t<\/div>\n\t\t\t\t\t<\/div>\n\t\t\t\t<\/div>\n\t\t<div class=\"elementor-element elementor-element-bd46428 e-flex e-con-boxed e-con e-parent\" data-id=\"bd46428\" data-element_type=\"container\" data-e-type=\"container\" data-settings=\"{&quot;background_background&quot;:&quot;classic&quot;}\">\n\t\t\t\t\t<div class=\"e-con-inner\">\n\t\t<div class=\"elementor-element elementor-element-9c2a253 e-con-full e-flex e-con e-child\" data-id=\"9c2a253\" data-element_type=\"container\" data-e-type=\"container\">\n\t\t\t\t<div class=\"elementor-element elementor-element-8bc8b95 elementor-widget elementor-widget-image\" data-id=\"8bc8b95\" data-element_type=\"widget\" data-e-type=\"widget\" data-widget_type=\"image.default\">\n\t\t\t\t<div class=\"elementor-widget-container\">\n\t\t\t\t\t\t\t\t\t\t\t\t\t\t\t\t<a href=\"https:\/\/www.archetti.com.br\/pt-BR\/simone-raquel-corazza\/\">\n\t\t\t\t\t\t\t<img loading=\"lazy\" decoding=\"async\" width=\"300\" height=\"300\" src=\"https:\/\/www.archetti.com.br\/pt-BR\/wp-content\/uploads\/2025\/03\/Simone_Raquel-png-300x300.png\" class=\"attachment-thumbnail size-thumbnail wp-image-2164\" alt=\"\" srcset=\"https:\/\/www.archetti.com.br\/pt-BR\/wp-content\/uploads\/2025\/03\/Simone_Raquel-png-300x300.png 300w, https:\/\/www.archetti.com.br\/pt-BR\/wp-content\/uploads\/2025\/03\/Simone_Raquel-png-150x150.png 150w, https:\/\/www.archetti.com.br\/pt-BR\/wp-content\/uploads\/2025\/03\/Simone_Raquel-png-75x75.png 75w, https:\/\/www.archetti.com.br\/pt-BR\/wp-content\/uploads\/2025\/03\/Simone_Raquel-png.png 500w\" sizes=\"(max-width:767px) 300px, 300px\" \/>\t\t\t\t\t\t\t\t<\/a>\n\t\t\t\t\t\t\t\t\t\t\t\t\t\t\t<\/div>\n\t\t\t\t<\/div>\n\t\t\t\t<\/div>\n\t\t<div class=\"elementor-element elementor-element-39c5de5 e-con-full e-flex e-con e-child\" data-id=\"39c5de5\" data-element_type=\"container\" data-e-type=\"container\">\n\t\t<div class=\"elementor-element elementor-element-a609c22 e-con-full e-flex e-con e-child\" data-id=\"a609c22\" data-element_type=\"container\" data-e-type=\"container\">\n\t\t\t\t<div class=\"elementor-element elementor-element-ff0430c elementor-widget elementor-widget-heading\" data-id=\"ff0430c\" data-element_type=\"widget\" data-e-type=\"widget\" data-widget_type=\"heading.default\">\n\t\t\t\t<div class=\"elementor-widget-container\">\n\t\t\t\t\t<h4 class=\"elementor-heading-title elementor-size-default\"><a href=\"https:\/\/www.archetti.com.br\/pt-BR\/simone-raquel-corazza\/\"><span style=\"color: #E23D4D\">Dra.<\/span> Simone Raquel Corazza<\/a><\/h4>\t\t\t\t<\/div>\n\t\t\t\t<\/div>\n\t\t\t\t<div class=\"elementor-element elementor-element-c262533 elementor-widget elementor-widget-text-editor\" data-id=\"c262533\" data-element_type=\"widget\" data-e-type=\"widget\" data-widget_type=\"text-editor.default\">\n\t\t\t\t<div class=\"elementor-widget-container\">\n\t\t\t\t\t\t\t\t\t<p>A Dra. Simone Raquel \u00e9 cirurgi\u00e3-dentista, formada em Odontologia pela UNIPAR &#8211; Cascavel\/PR, com diversas especializa\u00e7\u00f5es e aprimoramentos na \u00e1rea odontol\u00f3gica, incluindo harmoniza\u00e7\u00e3o orofacial, implantodontia e cirurgia buco-maxilo-facial. Sua trajet\u00f3ria \u00e9 marcada pela busca constante por aperfei\u00e7oamento t\u00e9cnico e cient\u00edfico, com forma\u00e7\u00f5es nacionais e internacionais que a capacitam a oferecer tratamentos inovadores e seguros.<\/p><ul><li>Especializa\u00e7\u00e3o em Cirurgia e Traumatologia Buco-Maxilo-Facial (2024-2026)<br \/>Forma\u00e7\u00e3o voltada ao diagn\u00f3stico e tratamento de traumas, deformidades e disfun\u00e7\u00f5es da face, proporcionando uma base s\u00f3lida para procedimentos cir\u00fargicos avan\u00e7ados.<\/li><li>Especializa\u00e7\u00e3o em Implantodontia \u2013 UNIOESTE (2012-2014)<br \/>P\u00f3s-gradua\u00e7\u00e3o Lato Sensu na Universidade Estadual do Oeste do Paran\u00e1 (UNIOESTE), com foco na reabilita\u00e7\u00e3o oral por meio da instala\u00e7\u00e3o de implantes dent\u00e1rios e t\u00e9cnicas avan\u00e7adas de reconstru\u00e7\u00e3o \u00f3ssea.<\/li><li>Curso de Toxina Botul\u00ednica e Preenchedores Faciais \u2013 ABO Cascavel (2013)<br \/>Introdu\u00e7\u00e3o ao uso da toxina botul\u00ednica e dos preenchimentos faciais para rejuvenescimento, corre\u00e7\u00e3o de assimetrias e harmoniza\u00e7\u00e3o facial.<\/li><li>Curso de T\u00e9cnicas Avan\u00e7adas em Preenchedores Faciais \u2013 S\u00e3o Paulo (2017)<br \/>Aprofundamento em t\u00e9cnicas modernas de preenchimento facial, com foco na volumiza\u00e7\u00e3o e reestrutura\u00e7\u00e3o da face para resultados mais naturais e duradouros.<\/li><li>Curso de Bioestimuladores Faciais \u2013 Curitiba (2018)<br \/>Capacita\u00e7\u00e3o no uso de bioestimuladores de col\u00e1geno, subst\u00e2ncias que promovem a regenera\u00e7\u00e3o da pele e a melhora da firmeza e elasticidade.<\/li><li>Curso MD Codes \u2013 Odontopartners, S\u00e3o Paulo <br \/>Treinamento na t\u00e9cnica desenvolvida pelo Dr. Maur\u00edcio de Maio, que utiliza pontos estrat\u00e9gicos para a aplica\u00e7\u00e3o de preenchedores faciais, proporcionando um efeito lifting sem cirurgia.<\/li><li>Treinamento no MARC Institute \u2013 EUA (2018)<br \/>Curso realizado em um dos principais centros de treinamento em anatomia aplicada \u00e0 harmoniza\u00e7\u00e3o facial e cirurgia, com foco na precis\u00e3o e seguran\u00e7a dos procedimentos.<\/li><li>Aperfei\u00e7oamento em Harmoniza\u00e7\u00e3o e Cirurgia Facial<br \/>Estudo aprofundado das t\u00e9cnicas de harmoniza\u00e7\u00e3o orofacial associadas \u00e0 cirurgia, permitindo resultados est\u00e9ticos e funcionais mais completos.<\/li><li>Curso de Aplica\u00e7\u00e3o de Toxina Botul\u00ednica<br \/>Forma\u00e7\u00e3o especializada no uso da toxina botul\u00ednica para fins est\u00e9ticos e terap\u00eauticos, incluindo controle de rugas, bruxismo e sorriso gengival.<\/li><li>Com uma abordagem detalhista e baseada na individualidade de cada paciente, a Dra. Simone alia conhecimento t\u00e9cnico, experi\u00eancia cl\u00ednica e atualiza\u00e7\u00f5es constantes para proporcionar resultados naturais, seguros e eficazes.<\/li><\/ul>\t\t\t\t\t\t\t\t<\/div>\n\t\t\t\t<\/div>\n\t\t\t\t<\/div>\n\t\t<div class=\"elementor-element elementor-element-274b043 e-con-full elementor-hidden-mobile e-flex e-con e-child\" data-id=\"274b043\" data-element_type=\"container\" data-e-type=\"container\">\n\t\t\t\t<\/div>\n\t\t\t\t<\/div>\n\t\t\t\t\t<\/div>\n\t\t\t\t<\/div>\n\t\t<div class=\"elementor-element elementor-element-6764526 e-flex e-con-boxed e-con e-parent\" data-id=\"6764526\" data-element_type=\"container\" data-e-type=\"container\" data-settings=\"{&quot;background_background&quot;:&quot;classic&quot;}\">\n\t\t\t\t\t<div class=\"e-con-inner\">\n\t\t<div class=\"elementor-element elementor-element-5df5fb1 e-con-full e-flex e-con e-child\" data-id=\"5df5fb1\" data-element_type=\"container\" data-e-type=\"container\">\n\t\t\t\t<div class=\"elementor-element elementor-element-3195081 elementor-widget elementor-widget-image\" data-id=\"3195081\" data-element_type=\"widget\" data-e-type=\"widget\" data-widget_type=\"image.default\">\n\t\t\t\t<div class=\"elementor-widget-container\">\n\t\t\t\t\t\t\t\t\t\t\t\t\t\t\t<img loading=\"lazy\" decoding=\"async\" width=\"300\" height=\"300\" src=\"https:\/\/www.archetti.com.br\/pt-BR\/wp-content\/uploads\/2025\/03\/Ana_Julia-png-300x300.png\" class=\"attachment-thumbnail size-thumbnail wp-image-2159\" alt=\"\" srcset=\"https:\/\/www.archetti.com.br\/pt-BR\/wp-content\/uploads\/2025\/03\/Ana_Julia-png-300x300.png 300w, https:\/\/www.archetti.com.br\/pt-BR\/wp-content\/uploads\/2025\/03\/Ana_Julia-png-150x150.png 150w, https:\/\/www.archetti.com.br\/pt-BR\/wp-content\/uploads\/2025\/03\/Ana_Julia-png-75x75.png 75w, https:\/\/www.archetti.com.br\/pt-BR\/wp-content\/uploads\/2025\/03\/Ana_Julia-png.png 500w\" sizes=\"(max-width:767px) 300px, 300px\" \/>\t\t\t\t\t\t\t\t\t\t\t\t\t\t\t<\/div>\n\t\t\t\t<\/div>\n\t\t\t\t<\/div>\n\t\t<div class=\"elementor-element elementor-element-529d307 e-con-full e-flex e-con e-child\" data-id=\"529d307\" data-element_type=\"container\" data-e-type=\"container\">\n\t\t<div class=\"elementor-element elementor-element-4e4f585 e-con-full e-flex e-con e-child\" data-id=\"4e4f585\" data-element_type=\"container\" data-e-type=\"container\">\n\t\t\t\t<div class=\"elementor-element elementor-element-789f3ec elementor-widget elementor-widget-heading\" data-id=\"789f3ec\" data-element_type=\"widget\" data-e-type=\"widget\" data-widget_type=\"heading.default\">\n\t\t\t\t<div class=\"elementor-widget-container\">\n\t\t\t\t\t<h4 class=\"elementor-heading-title elementor-size-default\"><span style=\"color: #E23D4D\"><\/span> Ana Julia<\/h4>\t\t\t\t<\/div>\n\t\t\t\t<\/div>\n\t\t\t\t<div class=\"elementor-element elementor-element-33b2ea0 elementor-widget elementor-widget-text-editor\" data-id=\"33b2ea0\" data-element_type=\"widget\" data-e-type=\"widget\" data-widget_type=\"text-editor.default\">\n\t\t\t\t<div class=\"elementor-widget-container\">\n\t\t\t\t\t\t\t\t\t<p>Auxiliar odontol\u00f3gica e secret\u00e1ria (2 anos).<\/p>\t\t\t\t\t\t\t\t<\/div>\n\t\t\t\t<\/div>\n\t\t\t\t<\/div>\n\t\t<div class=\"elementor-element elementor-element-f316f57 e-con-full elementor-hidden-mobile e-flex e-con e-child\" data-id=\"f316f57\" data-element_type=\"container\" data-e-type=\"container\">\n\t\t\t\t<\/div>\n\t\t\t\t<\/div>\n\t\t\t\t\t<\/div>\n\t\t\t\t<\/div>\n\t\t<div class=\"elementor-element elementor-element-c444c86 e-flex e-con-boxed e-con e-parent\" data-id=\"c444c86\" data-element_type=\"container\" data-e-type=\"container\" data-settings=\"{&quot;background_background&quot;:&quot;classic&quot;}\">\n\t\t\t\t\t<div class=\"e-con-inner\">\n\t\t<div class=\"elementor-element elementor-element-9c94789 e-con-full e-flex e-con e-child\" data-id=\"9c94789\" data-element_type=\"container\" data-e-type=\"container\">\n\t\t\t\t<div class=\"elementor-element elementor-element-394f9cc elementor-widget elementor-widget-image\" data-id=\"394f9cc\" data-element_type=\"widget\" data-e-type=\"widget\" data-widget_type=\"image.default\">\n\t\t\t\t<div class=\"elementor-widget-container\">\n\t\t\t\t\t\t\t\t\t\t\t\t\t\t\t<img loading=\"lazy\" decoding=\"async\" width=\"300\" height=\"300\" src=\"https:\/\/www.archetti.com.br\/pt-BR\/wp-content\/uploads\/2025\/03\/Gabriela-png-300x300.png\" class=\"attachment-thumbnail size-thumbnail wp-image-2161\" alt=\"\" srcset=\"https:\/\/www.archetti.com.br\/pt-BR\/wp-content\/uploads\/2025\/03\/Gabriela-png-300x300.png 300w, https:\/\/www.archetti.com.br\/pt-BR\/wp-content\/uploads\/2025\/03\/Gabriela-png-150x150.png 150w, https:\/\/www.archetti.com.br\/pt-BR\/wp-content\/uploads\/2025\/03\/Gabriela-png-75x75.png 75w, https:\/\/www.archetti.com.br\/pt-BR\/wp-content\/uploads\/2025\/03\/Gabriela-png.png 500w\" sizes=\"(max-width:767px) 300px, 300px\" \/>\t\t\t\t\t\t\t\t\t\t\t\t\t\t\t<\/div>\n\t\t\t\t<\/div>\n\t\t\t\t<\/div>\n\t\t<div class=\"elementor-element elementor-element-74c68fa e-con-full e-flex e-con e-child\" data-id=\"74c68fa\" data-element_type=\"container\" data-e-type=\"container\">\n\t\t<div class=\"elementor-element elementor-element-cf72b30 e-con-full e-flex e-con e-child\" data-id=\"cf72b30\" data-element_type=\"container\" data-e-type=\"container\">\n\t\t\t\t<div class=\"elementor-element elementor-element-3e121b0 elementor-widget elementor-widget-heading\" data-id=\"3e121b0\" data-element_type=\"widget\" data-e-type=\"widget\" data-widget_type=\"heading.default\">\n\t\t\t\t<div class=\"elementor-widget-container\">\n\t\t\t\t\t<h4 class=\"elementor-heading-title elementor-size-default\"><span style=\"color: #E23D4D\"><\/span> Gabriela<\/h4>\t\t\t\t<\/div>\n\t\t\t\t<\/div>\n\t\t\t\t<div class=\"elementor-element elementor-element-4f81837 elementor-widget elementor-widget-text-editor\" data-id=\"4f81837\" data-element_type=\"widget\" data-e-type=\"widget\" data-widget_type=\"text-editor.default\">\n\t\t\t\t<div class=\"elementor-widget-container\">\n\t\t\t\t\t\t\t\t\t<p>Auxiliar odontol\u00f3gica e secret\u00e1ria (11 anos).<\/p>\t\t\t\t\t\t\t\t<\/div>\n\t\t\t\t<\/div>\n\t\t\t\t<\/div>\n\t\t<div class=\"elementor-element elementor-element-4320126 e-con-full elementor-hidden-mobile e-flex e-con e-child\" data-id=\"4320126\" data-element_type=\"container\" data-e-type=\"container\">\n\t\t\t\t<\/div>\n\t\t\t\t<\/div>\n\t\t\t\t\t<\/div>\n\t\t\t\t<\/div>\n\t\t<div class=\"elementor-element elementor-element-6e53019 e-flex e-con-boxed e-con e-parent\" data-id=\"6e53019\" data-element_type=\"container\" data-e-type=\"container\" data-settings=\"{&quot;background_background&quot;:&quot;classic&quot;}\">\n\t\t\t\t\t<div class=\"e-con-inner\">\n\t\t<div class=\"elementor-element elementor-element-235a69d e-con-full e-flex e-con e-child\" data-id=\"235a69d\" data-element_type=\"container\" data-e-type=\"container\">\n\t\t\t\t<div class=\"elementor-element elementor-element-8cc2ab8 elementor-widget elementor-widget-image\" data-id=\"8cc2ab8\" data-element_type=\"widget\" data-e-type=\"widget\" data-widget_type=\"image.default\">\n\t\t\t\t<div class=\"elementor-widget-container\">\n\t\t\t\t\t\t\t\t\t\t\t\t\t\t\t<img loading=\"lazy\" decoding=\"async\" width=\"300\" height=\"300\" src=\"https:\/\/www.archetti.com.br\/pt-BR\/wp-content\/uploads\/2025\/03\/Rafael_Soares-png-300x300.png\" class=\"attachment-thumbnail size-thumbnail wp-image-2162\" alt=\"\" srcset=\"https:\/\/www.archetti.com.br\/pt-BR\/wp-content\/uploads\/2025\/03\/Rafael_Soares-png-300x300.png 300w, https:\/\/www.archetti.com.br\/pt-BR\/wp-content\/uploads\/2025\/03\/Rafael_Soares-png-150x150.png 150w, https:\/\/www.archetti.com.br\/pt-BR\/wp-content\/uploads\/2025\/03\/Rafael_Soares-png-75x75.png 75w, https:\/\/www.archetti.com.br\/pt-BR\/wp-content\/uploads\/2025\/03\/Rafael_Soares-png.png 500w\" sizes=\"(max-width:767px) 300px, 300px\" \/>\t\t\t\t\t\t\t\t\t\t\t\t\t\t\t<\/div>\n\t\t\t\t<\/div>\n\t\t\t\t<\/div>\n\t\t<div class=\"elementor-element elementor-element-fedfcaa e-con-full e-flex e-con e-child\" data-id=\"fedfcaa\" data-element_type=\"container\" data-e-type=\"container\">\n\t\t<div class=\"elementor-element elementor-element-fb14df1 e-con-full e-flex e-con e-child\" data-id=\"fb14df1\" data-element_type=\"container\" data-e-type=\"container\">\n\t\t\t\t<div class=\"elementor-element elementor-element-37ab8e6 elementor-widget elementor-widget-heading\" data-id=\"37ab8e6\" data-element_type=\"widget\" data-e-type=\"widget\" data-widget_type=\"heading.default\">\n\t\t\t\t<div class=\"elementor-widget-container\">\n\t\t\t\t\t<h4 class=\"elementor-heading-title elementor-size-default\"><span style=\"color: #E23D4D\"><\/span> Rafael Soares<\/h4>\t\t\t\t<\/div>\n\t\t\t\t<\/div>\n\t\t\t\t<div class=\"elementor-element elementor-element-2a4ad1c elementor-widget elementor-widget-text-editor\" data-id=\"2a4ad1c\" data-element_type=\"widget\" data-e-type=\"widget\" data-widget_type=\"text-editor.default\">\n\t\t\t\t<div class=\"elementor-widget-container\">\n\t\t\t\t\t\t\t\t\t<p>T\u00e9cnico em pr\u00f3tese dent\u00e1ria, especialista em pr\u00f3tese digital (7 anos).<\/p>\t\t\t\t\t\t\t\t<\/div>\n\t\t\t\t<\/div>\n\t\t\t\t<\/div>\n\t\t<div class=\"elementor-element elementor-element-3986a04 e-con-full elementor-hidden-mobile e-flex e-con e-child\" data-id=\"3986a04\" data-element_type=\"container\" data-e-type=\"container\">\n\t\t\t\t<\/div>\n\t\t\t\t<\/div>\n\t\t\t\t\t<\/div>\n\t\t\t\t<\/div>\n\t\t<div class=\"elementor-element elementor-element-5924dac e-flex e-con-boxed e-con e-parent\" data-id=\"5924dac\" data-element_type=\"container\" data-e-type=\"container\" data-settings=\"{&quot;background_background&quot;:&quot;classic&quot;}\">\n\t\t\t\t\t<div class=\"e-con-inner\">\n\t\t<div class=\"elementor-element elementor-element-0b237e3 e-con-full e-flex e-con e-child\" data-id=\"0b237e3\" data-element_type=\"container\" data-e-type=\"container\">\n\t\t\t\t<div class=\"elementor-element elementor-element-54ece00 elementor-widget elementor-widget-image\" data-id=\"54ece00\" data-element_type=\"widget\" data-e-type=\"widget\" data-widget_type=\"image.default\">\n\t\t\t\t<div class=\"elementor-widget-container\">\n\t\t\t\t\t\t\t\t\t\t\t\t\t\t\t<img loading=\"lazy\" decoding=\"async\" width=\"300\" height=\"300\" src=\"https:\/\/www.archetti.com.br\/pt-BR\/wp-content\/uploads\/2025\/03\/Thainara-png-300x300.png\" class=\"attachment-thumbnail size-thumbnail wp-image-2165\" alt=\"\" srcset=\"https:\/\/www.archetti.com.br\/pt-BR\/wp-content\/uploads\/2025\/03\/Thainara-png-300x300.png 300w, https:\/\/www.archetti.com.br\/pt-BR\/wp-content\/uploads\/2025\/03\/Thainara-png-150x150.png 150w, https:\/\/www.archetti.com.br\/pt-BR\/wp-content\/uploads\/2025\/03\/Thainara-png-75x75.png 75w, https:\/\/www.archetti.com.br\/pt-BR\/wp-content\/uploads\/2025\/03\/Thainara-png.png 500w\" sizes=\"(max-width:767px) 300px, 300px\" \/>\t\t\t\t\t\t\t\t\t\t\t\t\t\t\t<\/div>\n\t\t\t\t<\/div>\n\t\t\t\t<\/div>\n\t\t<div class=\"elementor-element elementor-element-3af0a0c e-con-full e-flex e-con e-child\" data-id=\"3af0a0c\" data-element_type=\"container\" data-e-type=\"container\">\n\t\t<div class=\"elementor-element elementor-element-1e342ee e-con-full e-flex e-con e-child\" data-id=\"1e342ee\" data-element_type=\"container\" data-e-type=\"container\">\n\t\t\t\t<div class=\"elementor-element elementor-element-073e024 elementor-widget elementor-widget-heading\" data-id=\"073e024\" data-element_type=\"widget\" data-e-type=\"widget\" data-widget_type=\"heading.default\">\n\t\t\t\t<div class=\"elementor-widget-container\">\n\t\t\t\t\t<h4 class=\"elementor-heading-title elementor-size-default\"><span style=\"color: #E23D4D\"><\/span> Thainara<\/h4>\t\t\t\t<\/div>\n\t\t\t\t<\/div>\n\t\t\t\t<div class=\"elementor-element elementor-element-d4382f9 elementor-widget elementor-widget-text-editor\" data-id=\"d4382f9\" data-element_type=\"widget\" data-e-type=\"widget\" data-widget_type=\"text-editor.default\">\n\t\t\t\t<div class=\"elementor-widget-container\">\n\t\t\t\t\t\t\t\t\t<p>Gerente geral, respons\u00e1vel pelo administrativo e financeiro da Archetti Odontologia (6 anos).<\/p>\t\t\t\t\t\t\t\t<\/div>\n\t\t\t\t<\/div>\n\t\t\t\t<\/div>\n\t\t<div class=\"elementor-element elementor-element-b05e4ac e-con-full elementor-hidden-mobile e-flex e-con e-child\" data-id=\"b05e4ac\" data-element_type=\"container\" data-e-type=\"container\">\n\t\t\t\t<\/div>\n\t\t\t\t<\/div>\n\t\t\t\t\t<\/div>\n\t\t\t\t<\/div>\n\t\t\t\t<\/div>\n\t\t","protected":false},"excerpt":{"rendered":"<p>Nossa Equipe Dr. Ubiratan Archetti Formado pela Universidade Estadual de Ponta Grossa &#8211; PR em 1979 Aperfei\u00e7oamento em pr\u00f3tese com Dr Valdir Janson e Euloir Pasanesi<span class=\"excerpt-hellip\"> [\u2026]<\/span><\/p>\n","protected":false},"author":2,"featured_media":0,"parent":0,"menu_order":0,"comment_status":"open","ping_status":"closed","template":"","meta":{"_joinchat":[],"footnotes":""},"class_list":["post-2467","page","type-page","status-publish","hentry"],"_links":{"self":[{"href":"https:\/\/www.archetti.com.br\/pt-BR\/wp-json\/wp\/v2\/pages\/2467","targetHints":{"allow":["GET"]}}],"collection":[{"href":"https:\/\/www.archetti.com.br\/pt-BR\/wp-json\/wp\/v2\/pages"}],"about":[{"href":"https:\/\/www.archetti.com.br\/pt-BR\/wp-json\/wp\/v2\/types\/page"}],"author":[{"embeddable":true,"href":"https:\/\/www.archetti.com.br\/pt-BR\/wp-json\/wp\/v2\/users\/2"}],"replies":[{"embeddable":true,"href":"https:\/\/www.archetti.com.br\/pt-BR\/wp-json\/wp\/v2\/comments?post=2467"}],"version-history":[{"count":88,"href":"https:\/\/www.archetti.com.br\/pt-BR\/wp-json\/wp\/v2\/pages\/2467\/revisions"}],"predecessor-version":[{"id":2778,"href":"https:\/\/www.archetti.com.br\/pt-BR\/wp-json\/wp\/v2\/pages\/2467\/revisions\/2778"}],"wp:attachment":[{"href":"https:\/\/www.archetti.com.br\/pt-BR\/wp-json\/wp\/v2\/media?parent=2467"}],"curies":[{"name":"wp","href":"https:\/\/api.w.org\/{rel}","templated":true}]}}