{"id":2406,"date":"2025-03-16T15:08:07","date_gmt":"2025-03-16T18:08:07","guid":{"rendered":"https:\/\/www.archetti.com.br\/pt-BR\/?page_id=2406"},"modified":"2025-03-16T15:09:23","modified_gmt":"2025-03-16T18:09:23","slug":"harmonizacao-facial","status":"publish","type":"page","link":"https:\/\/www.archetti.com.br\/pt-BR\/harmonizacao-facial\/","title":{"rendered":"Harmoniza\u00e7\u00e3o Facial"},"content":{"rendered":"\t\t<div data-elementor-type=\"wp-page\" data-elementor-id=\"2406\" class=\"elementor elementor-2406\">\n\t\t\t\t<div class=\"elementor-element elementor-element-e2db727 e-flex e-con-boxed e-con e-parent\" data-id=\"e2db727\" data-element_type=\"container\" data-e-type=\"container\" data-settings=\"{&quot;background_background&quot;:&quot;classic&quot;}\">\n\t\t\t\t\t<div class=\"e-con-inner\">\n\t\t<div class=\"elementor-element elementor-element-99cadae e-con-full e-flex e-con e-child\" data-id=\"99cadae\" data-element_type=\"container\" data-e-type=\"container\">\n\t\t<div class=\"elementor-element elementor-element-3f6bff5 e-con-full e-flex e-con e-child\" data-id=\"3f6bff5\" data-element_type=\"container\" data-e-type=\"container\">\n\t\t\t\t<div class=\"elementor-element elementor-element-022e530 elementor-widget elementor-widget-heading\" data-id=\"022e530\" data-element_type=\"widget\" data-e-type=\"widget\" data-widget_type=\"heading.default\">\n\t\t\t\t<div class=\"elementor-widget-container\">\n\t\t\t\t\t<h3 class=\"elementor-heading-title elementor-size-default\">Harmoniza\u00e7\u00e3o <span style=\"color: #E23D4D\">Facial.<\/span><\/h3>\t\t\t\t<\/div>\n\t\t\t\t<\/div>\n\t\t\t\t<div class=\"elementor-element elementor-element-442e2bf elementor-widget elementor-widget-text-editor\" data-id=\"442e2bf\" data-element_type=\"widget\" data-e-type=\"widget\" data-widget_type=\"text-editor.default\">\n\t\t\t\t<div class=\"elementor-widget-container\">\n\t\t\t\t\t\t\t\t\t<p>A harmoniza\u00e7\u00e3o facial \u00e9 um conjunto de procedimentos est\u00e9ticos que equilibram as propor\u00e7\u00f5es do rosto, destacam a beleza natural e promovem rejuvenescimento com sutileza. Entre as t\u00e9cnicas mais comuns est\u00e3o preenchimentos d\u00e9rmicos, botox, fios de sustenta\u00e7\u00e3o e bioestimuladores de col\u00e1geno, que suavizam linhas de express\u00e3o, redefinem contornos e restauram volumes. Os tratamentos, realizados por profissionais especializados, garantem resultados seguros, naturais e de r\u00e1pida recupera\u00e7\u00e3o.<\/p>\t\t\t\t\t\t\t\t<\/div>\n\t\t\t\t<\/div>\n\t\t\t\t<\/div>\n\t\t<div class=\"elementor-element elementor-element-1bd926e e-con-full elementor-hidden-mobile e-flex e-con e-child\" data-id=\"1bd926e\" data-element_type=\"container\" data-e-type=\"container\">\n\t\t\t\t<div class=\"elementor-element elementor-element-f5d6565 elementor-widget elementor-widget-image\" data-id=\"f5d6565\" data-element_type=\"widget\" data-e-type=\"widget\" data-widget_type=\"image.default\">\n\t\t\t\t<div class=\"elementor-widget-container\">\n\t\t\t\t\t\t\t\t\t\t\t\t\t\t\t<img decoding=\"async\" src=\"https:\/\/www.archetti.com.br\/pt-BR\/wp-content\/uploads\/2024\/04\/adventure3-home-sep1.svg\" title=\"\" alt=\"\" loading=\"lazy\" \/>\t\t\t\t\t\t\t\t\t\t\t\t\t\t\t<\/div>\n\t\t\t\t<\/div>\n\t\t\t\t<\/div>\n\t\t\t\t<\/div>\n\t\t<div class=\"elementor-element elementor-element-068158f e-con-full e-flex e-con e-child\" data-id=\"068158f\" data-element_type=\"container\" data-e-type=\"container\">\n\t\t\t\t<div class=\"elementor-element elementor-element-bacd5ec elementor-widget elementor-widget-video\" data-id=\"bacd5ec\" data-element_type=\"widget\" data-e-type=\"widget\" data-settings=\"{&quot;youtube_url&quot;:&quot;https:\\\/\\\/www.youtube.com\\\/watch?v=oYX1UB1CbN8&quot;,&quot;video_type&quot;:&quot;youtube&quot;,&quot;controls&quot;:&quot;yes&quot;}\" data-widget_type=\"video.default\">\n\t\t\t\t<div class=\"elementor-widget-container\">\n\t\t\t\t\t\t\t<div class=\"elementor-wrapper elementor-open-inline\">\n\t\t\t<div class=\"elementor-video\"><\/div>\t\t<\/div>\n\t\t\t\t\t\t<\/div>\n\t\t\t\t<\/div>\n\t\t\t\t<\/div>\n\t\t\t\t\t<\/div>\n\t\t\t\t<\/div>\n\t\t<div class=\"elementor-element elementor-element-aa03e28 e-flex e-con-boxed e-con e-parent\" data-id=\"aa03e28\" data-element_type=\"container\" data-e-type=\"container\" data-settings=\"{&quot;background_background&quot;:&quot;classic&quot;}\">\n\t\t\t\t\t<div class=\"e-con-inner\">\n\t\t<div class=\"elementor-element elementor-element-5d0b555 e-con-full e-flex e-con e-child\" data-id=\"5d0b555\" data-element_type=\"container\" data-e-type=\"container\">\n\t\t\t\t<div class=\"elementor-element elementor-element-843beac elementor-widget__width-initial elementor-widget elementor-widget-image-box\" data-id=\"843beac\" data-element_type=\"widget\" data-e-type=\"widget\" data-widget_type=\"image-box.default\">\n\t\t\t\t<div class=\"elementor-widget-container\">\n\t\t\t\t\t<div class=\"elementor-image-box-wrapper\"><div class=\"elementor-image-box-content\"><p class=\"elementor-image-box-description\">Os efeitos n\u00e3o s\u00e3o permanentes: o botox dura de 4 a 6 meses e os preenchimentos, de 6 a 18 meses. Gra\u00e7as ao uso de anest\u00e9sicos locais temos conforto e tranquilidade na realiza\u00e7\u00e3o dos procedimentos. A harmoniza\u00e7\u00e3o \u00e9 indicada para quem deseja real\u00e7ar a apar\u00eancia, exceto em casos como doen\u00e7as autoimunes, infec\u00e7\u00f5es ou gravidez.<br><br>\n\n<b>Entre os procedimentos mais procurados est\u00e3o:<\/b><br>\n&bull; Preenchimentos para contornos e rugas;<br>\n&bull; Botox para linhas de express\u00e3o;<br>\n&bull; Fios de sustenta\u00e7\u00e3o para efeito lifting;<br>\n&bull; Bichectomia para afinar o rosto;<br>\n&bull; Peeling para melhorar a textura da pele.<br><br>\n\nMuitos outros procedimentos s\u00e3o realizados conforme o resultado almejado.<br><br>\n\nCom a harmoniza\u00e7\u00e3o facial, \u00e9 poss\u00edvel real\u00e7ar a beleza de forma discreta e sofisticada.\n<\/p><\/div><\/div>\t\t\t\t<\/div>\n\t\t\t\t<\/div>\n\t\t\t\t<\/div>\n\t\t\t\t\t<\/div>\n\t\t\t\t<\/div>\n\t\t<div class=\"elementor-element elementor-element-6491182 e-flex e-con-boxed e-con e-parent\" data-id=\"6491182\" data-element_type=\"container\" data-e-type=\"container\" data-settings=\"{&quot;background_background&quot;:&quot;classic&quot;}\">\n\t\t\t\t\t<div class=\"e-con-inner\">\n\t\t<div class=\"elementor-element elementor-element-551e88e e-con-full e-flex e-con e-child\" data-id=\"551e88e\" data-element_type=\"container\" data-e-type=\"container\">\n\t\t\t\t<div class=\"elementor-element elementor-element-e2b263d elementor-widget elementor-widget-heading\" data-id=\"e2b263d\" data-element_type=\"widget\" data-e-type=\"widget\" data-widget_type=\"heading.default\">\n\t\t\t\t<div class=\"elementor-widget-container\">\n\t\t\t\t\t<h2 class=\"elementor-heading-title elementor-size-default\">N\u00c3O ESPERE UMA VIDA! PRIORIZE VOC\u00ca.<span style=\"color: #E23D4D\">D\u00ca O SEU MELHOR SORRISO<\/span><\/h2>\t\t\t\t<\/div>\n\t\t\t\t<\/div>\n\t\t\t\t<div class=\"elementor-element elementor-element-30d5931 elementor-align-left elementor-widget elementor-widget-button\" data-id=\"30d5931\" data-element_type=\"widget\" data-e-type=\"widget\" data-widget_type=\"button.default\">\n\t\t\t\t<div class=\"elementor-widget-container\">\n\t\t\t\t\t\t\t\t\t<div class=\"elementor-button-wrapper\">\n\t\t\t\t\t<a class=\"elementor-button elementor-button-link elementor-size-sm\" href=\"https:\/\/www.archetti.com.br\/pt-BR\/jornada\/\">\n\t\t\t\t\t\t<span class=\"elementor-button-content-wrapper\">\n\t\t\t\t\t\t\t\t\t<span class=\"elementor-button-text\">JORNADA NOVO SORRISO<\/span>\n\t\t\t\t\t<\/span>\n\t\t\t\t\t<\/a>\n\t\t\t\t<\/div>\n\t\t\t\t\t\t\t\t<\/div>\n\t\t\t\t<\/div>\n\t\t\t\t<\/div>\n\t\t<div class=\"elementor-element elementor-element-e26e45a e-con-full e-flex e-con e-child\" data-id=\"e26e45a\" data-element_type=\"container\" data-e-type=\"container\" data-settings=\"{&quot;background_background&quot;:&quot;classic&quot;}\">\n\t\t\t\t<div class=\"elementor-element elementor-element-97e0038 elementor-widget elementor-widget-image\" data-id=\"97e0038\" data-element_type=\"widget\" data-e-type=\"widget\" data-widget_type=\"image.default\">\n\t\t\t\t<div class=\"elementor-widget-container\">\n\t\t\t\t\t\t\t\t\t\t\t\t\t\t\t<img fetchpriority=\"high\" decoding=\"async\" width=\"576\" height=\"497\" src=\"https:\/\/www.archetti.com.br\/pt-BR\/wp-content\/uploads\/2025\/03\/mosaico1.png\" class=\"attachment-large size-large wp-image-1997\" alt=\"\" srcset=\"https:\/\/www.archetti.com.br\/pt-BR\/wp-content\/uploads\/2025\/03\/mosaico1.png 576w, https:\/\/www.archetti.com.br\/pt-BR\/wp-content\/uploads\/2025\/03\/mosaico1-500x431.png 500w, https:\/\/www.archetti.com.br\/pt-BR\/wp-content\/uploads\/2025\/03\/mosaico1-300x259.png 300w, https:\/\/www.archetti.com.br\/pt-BR\/wp-content\/uploads\/2025\/03\/mosaico1-87x75.png 87w\" sizes=\"(max-width:767px) 576px, 576px\" \/>\t\t\t\t\t\t\t\t\t\t\t\t\t\t\t<\/div>\n\t\t\t\t<\/div>\n\t\t\t\t<\/div>\n\t\t\t\t\t<\/div>\n\t\t\t\t<\/div>\n\t\t\t\t<\/div>\n\t\t","protected":false},"excerpt":{"rendered":"<p>Harmoniza\u00e7\u00e3o Facial. A harmoniza\u00e7\u00e3o facial \u00e9 um conjunto de procedimentos est\u00e9ticos que equilibram as propor\u00e7\u00f5es do rosto, destacam a beleza natural e promovem rejuvenescimento com sutileza.<span class=\"excerpt-hellip\"> [\u2026]<\/span><\/p>\n","protected":false},"author":2,"featured_media":0,"parent":0,"menu_order":0,"comment_status":"open","ping_status":"closed","template":"","meta":{"_joinchat":[],"footnotes":""},"class_list":["post-2406","page","type-page","status-publish","hentry"],"_links":{"self":[{"href":"https:\/\/www.archetti.com.br\/pt-BR\/wp-json\/wp\/v2\/pages\/2406","targetHints":{"allow":["GET"]}}],"collection":[{"href":"https:\/\/www.archetti.com.br\/pt-BR\/wp-json\/wp\/v2\/pages"}],"about":[{"href":"https:\/\/www.archetti.com.br\/pt-BR\/wp-json\/wp\/v2\/types\/page"}],"author":[{"embeddable":true,"href":"https:\/\/www.archetti.com.br\/pt-BR\/wp-json\/wp\/v2\/users\/2"}],"replies":[{"embeddable":true,"href":"https:\/\/www.archetti.com.br\/pt-BR\/wp-json\/wp\/v2\/comments?post=2406"}],"version-history":[{"count":4,"href":"https:\/\/www.archetti.com.br\/pt-BR\/wp-json\/wp\/v2\/pages\/2406\/revisions"}],"predecessor-version":[{"id":2410,"href":"https:\/\/www.archetti.com.br\/pt-BR\/wp-json\/wp\/v2\/pages\/2406\/revisions\/2410"}],"wp:attachment":[{"href":"https:\/\/www.archetti.com.br\/pt-BR\/wp-json\/wp\/v2\/media?parent=2406"}],"curies":[{"name":"wp","href":"https:\/\/api.w.org\/{rel}","templated":true}]}}